{"id":187073,"date":"2024-06-13T10:45:46","date_gmt":"2024-06-13T10:45:46","guid":{"rendered":"https:\/\/aldeco.pt\/perguntas-frequentes\/"},"modified":"2026-07-17T16:11:14","modified_gmt":"2026-07-17T16:11:14","slug":"guia-para-a-aplicacao-de-papel-de-parede","status":"publish","type":"page","link":"https:\/\/staging.aldeco.pt\/pt-pt\/guia-para-a-aplicacao-de-papel-de-parede\/","title":{"rendered":"Guia para a aplica\u00e7\u00e3o de papel de parede"},"content":{"rendered":"\t\t<div data-elementor-type=\"wp-page\" data-elementor-id=\"187073\" class=\"elementor elementor-187073 elementor-182182\" data-elementor-post-type=\"page\">\n\t\t\t\t<div class=\"has_eae_slider elementor-element elementor-element-fa29200 e-flex e-con-boxed e-con e-parent\" data-eae-slider=\"36576\" data-particle_enable=\"false\" data-particle-mobile-disabled=\"false\" data-id=\"fa29200\" data-element_type=\"container\" data-e-type=\"container\">\n\t\t\t\t\t<div class=\"e-con-inner\">\n\t\t\t\t<div class=\"elementor-element elementor-element-96edfa2 elementor-widget__width-inherit elementor-widget elementor-widget-text-editor\" data-id=\"96edfa2\" data-element_type=\"widget\" data-e-type=\"widget\" data-widget_type=\"text-editor.default\">\n\t\t\t\t<div class=\"elementor-widget-container\">\n\t\t\t\t\t\t\t\t\t<h2 class=\"elementor-heading-title elementor-size-default elementor-inline-editing pen\" contenteditable=\"true\" data-elementor-setting-key=\"title\" data-pen-placeholder=\"Type Here...\">Guia para a aplica\u00e7\u00e3o de papel de parede<\/h2>\n\t\t\t\t\t\t\t\t<\/div>\n\t\t\t\t<\/div>\n\t\t\t\t<div class=\"elementor-element elementor-element-7a1f811 elementor-widget elementor-widget-heading\" data-id=\"7a1f811\" data-element_type=\"widget\" data-e-type=\"widget\" data-widget_type=\"heading.default\">\n\t\t\t\t<div class=\"elementor-widget-container\">\n\t\t\t\t\t<h2 class=\"elementor-heading-title elementor-size-default\">Como colocar papel de parede: instru\u00e7\u00f5es passo a passo<\/h2>\t\t\t\t<\/div>\n\t\t\t\t<\/div>\n\t\t\t\t\t<\/div>\n\t\t\t\t<\/div>\n\t\t<div class=\"has_eae_slider elementor-element elementor-element-d69d7af e-flex e-con-boxed e-con e-parent\" data-eae-slider=\"72254\" data-particle_enable=\"false\" data-particle-mobile-disabled=\"false\" data-id=\"d69d7af\" data-element_type=\"container\" data-e-type=\"container\">\n\t\t\t\t\t<div class=\"e-con-inner\">\n\t\t\t\t<div class=\"elementor-element elementor-element-be958fc elementor-widget elementor-widget-text-editor\" data-id=\"be958fc\" data-element_type=\"widget\" data-e-type=\"widget\" data-widget_type=\"text-editor.default\">\n\t\t\t\t<div class=\"elementor-widget-container\">\n\t\t\t\t\t\t\t\t\t<p>As juntas vis\u00edveis no papel de parede s\u00e3o um problema comum e, na maioria dos casos, podem ser evitadas.<\/p><p>O revestimento de parede da ALDECO foi especificamente concebido para evitar distor\u00e7\u00f5es, tais como a expans\u00e3o ou a contra\u00e7\u00e3o. Ao contr\u00e1rio dos pap\u00e9is de parede tradicionais, que podem expandir-se quando molhados e encolher \u00e0 medida que secam, este papel de parede n\u00e3o tecido mant\u00e9m-se dimensionalmente est\u00e1vel gra\u00e7as \u00e0 combina\u00e7\u00e3o de fibras sint\u00e9ticas e naturais na sua composi\u00e7\u00e3o.<\/p><p>No entanto, a intera\u00e7\u00e3o entre o adesivo, a superf\u00edcie da parede, a tinta e a prepara\u00e7\u00e3o da superf\u00edcie pode afetar significativamente o resultado final e o aparecimento de juntas vis\u00edveis.<\/p><p><strong>Este guia explica como instalar corretamente o papel de parede ALDECO.<\/strong><\/p><p>\u00a0<\/p><h2>Passos para evitar juntas vis\u00edveis no papel de parede:<\/h2><p>\u00a0<\/p><p>1. Aplique um prim\u00e1rio de tonalidade semelhante \u00e0 do papel de parede ou utilize a t\u00e9cnica de faixas;<\/p><p>2. Aplique a cola de forma uniforme e generosa; No caso de pap\u00e9is de parede escuros ou fundos escuros lisos, pinte previamente as bordas dos rolos com uma cor a condizer;<\/p><p>3.Aplique a press\u00e3o correta durante a instala\u00e7\u00e3o e alisamento, utilizando um rolo para juntas, se necess\u00e1rio;<\/p><p>4.Remova imediatamente qualquer excesso de cola das juntas com um pano macio;<\/p><p>5. Deixe o papel de parede secar naturalmente durante 48 horas num espa\u00e7o bem ventilado.<\/p><p>\u00a0<\/p><div class=\"main-content svelte-mhuesr\"><div class=\"translator-container svelte-bad754\" data-testid=\"side-panel-translator\"><h2 class=\"output-area svelte-10aez33\" dir=\"ltr\" data-testid=\"side-panel-output\">Prepara\u00e7\u00e3o da parede<\/h2><p>\u00a0<\/p><div class=\"output-area svelte-10aez33\" dir=\"ltr\" data-testid=\"side-panel-output\">Uma prepara\u00e7\u00e3o adequada da parede \u00e9 fundamental para obter melhores resultados na coloca\u00e7\u00e3o do papel de parede e reduzir o aparecimento de juntas vis\u00edveis.<\/div><div dir=\"ltr\" data-testid=\"side-panel-output\">\u00a0<\/div><div class=\"output-area svelte-10aez33\" dir=\"ltr\" data-testid=\"side-panel-output\">A aplica\u00e7\u00e3o de um prim\u00e1rio melhora o desempenho do adesivo, selando a superf\u00edcie da parede para que a cola n\u00e3o seja absorvida demasiado rapidamente, o que enfraqueceria a sua ader\u00eancia.<\/div><div dir=\"ltr\" data-testid=\"side-panel-output\">\u00a0<\/div><div class=\"output-area svelte-10aez33\" dir=\"ltr\" data-testid=\"side-panel-output\">Al\u00e9m disso, cria uma superf\u00edcie mais adequada que melhora a ader\u00eancia geral. No entanto, um acabamento de tinta de alto brilho na parede pode tornar a superf\u00edcie mais escorregadia, impedindo que o papel de parede adira corretamente.<\/div><div class=\"output-area svelte-10aez33\" dir=\"ltr\" data-testid=\"side-panel-output\">Nestes casos, recomenda-se um acabamento mate ou semibrilhante para garantir uma melhor ader\u00eancia.<\/div><div dir=\"ltr\" data-testid=\"side-panel-output\">\u00a0<\/div><h2 class=\"output-area svelte-10aez33\" dir=\"ltr\" data-testid=\"side-panel-output\">Alisamento do papel de parede<\/h2><div dir=\"ltr\" data-testid=\"side-panel-output\">\u00a0<\/div><div class=\"output-area svelte-10aez33\" dir=\"ltr\" data-testid=\"side-panel-output\">Alisar o revestimento da parede \u00e9 essencial para uma instala\u00e7\u00e3o adequada. Garante que seja aplicada a quantidade certa de press\u00e3o para melhorar a ader\u00eancia e remover o excesso de cola das bordas.<\/div><div dir=\"ltr\" data-testid=\"side-panel-output\">\u00a0<\/div><div class=\"output-area svelte-10aez33\" dir=\"ltr\" data-testid=\"side-panel-output\">Depois de colocado o papel de parede, a superf\u00edcie deve ser pressionada com firmeza para refor\u00e7ar a liga\u00e7\u00e3o durante a secagem.<\/div><div class=\"output-area svelte-10aez33\" dir=\"ltr\" data-testid=\"side-panel-output\">Para obter os melhores resultados, deve ser utilizado um rolo para juntas ao longo das bordas de cada painel, a fim de melhorar a ader\u00eancia e garantir um acabamento seguro.<\/div><\/div><div dir=\"ltr\" data-testid=\"side-panel-output\">\u00a0<\/div><h2 dir=\"ltr\" data-testid=\"side-panel-output\">Evitar esticar<\/h2><div dir=\"ltr\" data-testid=\"side-panel-output\">\u00a0<\/div><div dir=\"ltr\" data-testid=\"side-panel-output\">Os pain\u00e9is de papel de parede ALDECO foram concebidos para se unirem perfeitamente sem sobreposi\u00e7\u00f5es.<\/div><div dir=\"ltr\" data-testid=\"side-panel-output\">Por este motivo, ap\u00f3s a instala\u00e7\u00e3o, evite pressionar ou esticar as bordas para fechar eventuais folgas.<\/div><div dir=\"ltr\" data-testid=\"side-panel-output\">\u00a0<\/div><div dir=\"ltr\" data-testid=\"side-panel-output\">A melhor forma de ajustar o posicionamento \u00e9 empurrar o papel de parede a partir do centro, para que todo o painel possa deslizar at\u00e9 ao seu lugar. Se necess\u00e1rio, levante cuidadosamente o papel e reposicione-o corretamente.<\/div><div dir=\"ltr\" data-testid=\"side-panel-output\">\u00a0<\/div><h2 dir=\"ltr\" data-testid=\"side-panel-output\">Temperatura e condi\u00e7\u00f5es de secagem<\/h2><div dir=\"ltr\" data-testid=\"side-panel-output\">\u00a0<\/div><div dir=\"ltr\" data-testid=\"side-panel-output\">As varia\u00e7\u00f5es de temperatura podem afetar a secagem do papel de parede, especialmente quando exposto diretamente a fontes de calor ou frio, tais como ar condicionado, aquecedores ou luz solar intensa.<\/div><div dir=\"ltr\" data-testid=\"side-panel-output\">\u00a0<\/div><div dir=\"ltr\" data-testid=\"side-panel-output\">Por este motivo, recomenda-se permitir a secagem natural e evitar a exposi\u00e7\u00e3o direta a dispositivos de aquecimento ou refrigera\u00e7\u00e3o durante as primeiras 48 horas ap\u00f3s a instala\u00e7\u00e3o.<\/div><\/div><p>\u00a0<\/p><footer class=\"footer svelte-1vjey77\"><div class=\"toggle-container svelte-120qbeq\" data-testid=\"side-panel-inline-corrections\"><div class=\"settings-section switch-container svelte-120qbeq\"><div class=\"switch-content svelte-120qbeq\"><div class=\"align-center svelte-vahs8d multiline\" data-tooltip=\"Obtenha corre\u00e7\u00f5es em tempo real de ortografia e gram\u00e1tica sempre que escrever ou editar texto no browser.\"><div class=\"label-with-icon svelte-120qbeq\"><h2 class=\"svelte-120qbeq\">Minimizar as juntas com a cor da parede<\/h2><p>\u00a0<\/p><p class=\"svelte-120qbeq\">Uma forma simples de minimizar as juntas vis\u00edveis consiste em combinar a cor da parede com a do papel de parede, utilizando um prim\u00e1rio ou uma camada de base de tom semelhante para ajudar a disfar\u00e7ar pequenas imperfei\u00e7\u00f5es. As juntas tamb\u00e9m podem ser camufladas pintando previamente faixas verticais nos locais onde as juntas ir\u00e3o ficar.<\/p><p class=\"svelte-120qbeq\">No caso de pap\u00e9is de parede mais escuros, o forro claro do material pode, por vezes, ficar vis\u00edvel nas bordas, criando a impress\u00e3o de juntas desalinhadas. Isto pode ser minimizado utilizando marcadores ou l\u00e1pis \u00e0 base de \u00e1gua num tom a condizer para colorir as bordas antes da instala\u00e7\u00e3o.<\/p><p class=\"svelte-120qbeq\">Qualquer excesso deve ser removido posteriormente com um pano de microfibra h\u00famido.<\/p><p class=\"svelte-120qbeq\">Seguir estes passos ajudar\u00e1 a garantir uma instala\u00e7\u00e3o suave e profissional, melhorando a ader\u00eancia e o acabamento geral, ao mesmo tempo que reduz significativamente a apar\u00eancia de juntas vis\u00edveis.<\/p><p class=\"svelte-120qbeq\"><strong>Para mais informa\u00e7\u00f5es ou assist\u00eancia t\u00e9cnica, contacte a ALDECO.<\/strong><\/p><\/div><\/div><\/div><div class=\"switch\">\u00a0<\/div><\/div><\/div><\/footer>\t\t\t\t\t\t\t\t<\/div>\n\t\t\t\t<\/div>\n\t\t\t\t\t<\/div>\n\t\t\t\t<\/div>\n\t\t\t\t<\/div>\n\t\t","protected":false},"excerpt":{"rendered":"<p>Guia para a aplica\u00e7\u00e3o de papel de parede Como colocar papel de parede: instru\u00e7\u00f5es passo a passo As juntas vis\u00edveis no papel de parede s\u00e3o um problema comum e, na maioria dos casos, podem ser evitadas. O revestimento de parede da ALDECO foi especificamente concebido para evitar distor\u00e7\u00f5es, tais como a expans\u00e3o ou a contra\u00e7\u00e3o. [&hellip;]<\/p>\n","protected":false},"author":2,"featured_media":0,"parent":0,"menu_order":0,"comment_status":"closed","ping_status":"closed","template":"","meta":{"footnotes":""},"class_list":["post-187073","page","type-page","status-publish","hentry"],"acf":[],"_links":{"self":[{"href":"https:\/\/staging.aldeco.pt\/pt-pt\/wp-json\/wp\/v2\/pages\/187073","targetHints":{"allow":["GET"]}}],"collection":[{"href":"https:\/\/staging.aldeco.pt\/pt-pt\/wp-json\/wp\/v2\/pages"}],"about":[{"href":"https:\/\/staging.aldeco.pt\/pt-pt\/wp-json\/wp\/v2\/types\/page"}],"author":[{"embeddable":true,"href":"https:\/\/staging.aldeco.pt\/pt-pt\/wp-json\/wp\/v2\/users\/2"}],"replies":[{"embeddable":true,"href":"https:\/\/staging.aldeco.pt\/pt-pt\/wp-json\/wp\/v2\/comments?post=187073"}],"version-history":[{"count":17,"href":"https:\/\/staging.aldeco.pt\/pt-pt\/wp-json\/wp\/v2\/pages\/187073\/revisions"}],"predecessor-version":[{"id":228543,"href":"https:\/\/staging.aldeco.pt\/pt-pt\/wp-json\/wp\/v2\/pages\/187073\/revisions\/228543"}],"wp:attachment":[{"href":"https:\/\/staging.aldeco.pt\/pt-pt\/wp-json\/wp\/v2\/media?parent=187073"}],"curies":[{"name":"wp","href":"https:\/\/api.w.org\/{rel}","templated":true}]}}