{"id":183963,"date":"2024-05-09T20:32:19","date_gmt":"2024-05-09T20:32:19","guid":{"rendered":"https:\/\/aldeco.pt\/product\/herdade-in-outdoor\/"},"modified":"2024-08-29T14:45:56","modified_gmt":"2024-08-29T14:45:56","slug":"herdade-in-outdoor","status":"publish","type":"product","link":"https:\/\/staging.aldeco.pt\/es\/product\/herdade-in-outdoor\/","title":{"rendered":"HERDADE IN\/OUTDOOR"},"content":{"rendered":"<p>Jacquard In\/Outdoor inspirado en la cester\u00eda portuguesa con un patr\u00f3n geom\u00e9trico compuesto por rombos. Est\u00e1 disponible en 6 colores.<\/p>\n","protected":false},"excerpt":{"rendered":"<p>Herdade In\/Outdoor es un jacquard inspirado en la cester\u00eda portuguesa con un patr\u00f3n geom\u00e9trico compuesto por rombos. Est\u00e1 disponible en 6 colores. <\/p>\n<h2>Herdade In\/Outdoor es un jacquard inspirado en la cester\u00eda portuguesa con un patr\u00f3n geom\u00e9trico compuesto por rombos. Est\u00e1 disponible en 6 colores.<\/h2>\n<p><img fetchpriority=\"high\" decoding=\"async\" class=\"alignnone wp-image-181111 size-medium\" src=\"https:\/\/aldeco.pt\/wp-content\/uploads\/2024\/01\/T191490001-3-300x212.jpg\" alt=\"Herdade In\/Outdoor - Aldeco\" width=\"300\" height=\"212\"><\/p>\n<p><a href=\"https:\/\/aldeco.pt\/product\/herdade-in-outdoor\/?attribute_pa_aldeco-color=01-pale\">https:\/\/aldeco.pt\/product\/herdade-in-outdoor\/?attribute_pa_aldeco-color=01-pale<\/a><a href=\"https:\/\/www.instagram.com\/aldeco_interiorfabrics\/\">https:\/\/www.instagram.com\/aldeco_interiorfabrics\/<\/a><\/p>\n<p>&nbsp;<\/p>\n","protected":false},"featured_media":159054,"template":"","meta":[],"product_brand":[],"product_cat":[6146],"product_tag":[],"class_list":["post-183963","product","type-product","status-publish","has-post-thumbnail","product_cat-aldeco-2-es","pa_cleanability-8283","pa_composition-ext-100-pp-es","pa_contract-fabrics-1-es","pa_indoor-fabrics-1-es","pa_interior-fabrics-1-es","pa_line-telas","pa_lithfastness-7-es","pa_outdoor-exterior","pa_range-jacquard-es","pa_rapport-horizontal-5-5-es","pa_rapport-vertical-3-5-es","pa_special-treatments-fabrics-1-es","first","instock","purchasable","product-type-variable"],"acf":[],"_links":{"self":[{"href":"https:\/\/staging.aldeco.pt\/es\/wp-json\/wp\/v2\/product\/183963","targetHints":{"allow":["GET"]}}],"collection":[{"href":"https:\/\/staging.aldeco.pt\/es\/wp-json\/wp\/v2\/product"}],"about":[{"href":"https:\/\/staging.aldeco.pt\/es\/wp-json\/wp\/v2\/types\/product"}],"version-history":[{"count":2,"href":"https:\/\/staging.aldeco.pt\/es\/wp-json\/wp\/v2\/product\/183963\/revisions"}],"predecessor-version":[{"id":198571,"href":"https:\/\/staging.aldeco.pt\/es\/wp-json\/wp\/v2\/product\/183963\/revisions\/198571"}],"wp:featuredmedia":[{"embeddable":true,"href":"https:\/\/staging.aldeco.pt\/es\/wp-json\/wp\/v2\/media\/159054"}],"wp:attachment":[{"href":"https:\/\/staging.aldeco.pt\/es\/wp-json\/wp\/v2\/media?parent=183963"}],"wp:term":[{"taxonomy":"product_brand","embeddable":true,"href":"https:\/\/staging.aldeco.pt\/es\/wp-json\/wp\/v2\/product_brand?post=183963"},{"taxonomy":"product_cat","embeddable":true,"href":"https:\/\/staging.aldeco.pt\/es\/wp-json\/wp\/v2\/product_cat?post=183963"},{"taxonomy":"product_tag","embeddable":true,"href":"https:\/\/staging.aldeco.pt\/es\/wp-json\/wp\/v2\/product_tag?post=183963"}],"curies":[{"name":"wp","href":"https:\/\/api.w.org\/{rel}","templated":true}]}}